{"id":2,"date":"2020-02-11T07:16:13","date_gmt":"2020-02-11T07:16:13","guid":{"rendered":"http:\/\/sztukaistyl.pl\/?page_id=2"},"modified":"2023-06-04T11:19:22","modified_gmt":"2023-06-04T09:19:22","slug":"przykladowa-strona","status":"publish","type":"page","link":"https:\/\/sztukaistyl.pl\/?page_id=2","title":{"rendered":"O NAS"},"content":{"rendered":"<div class=\"wp-block-image\">\n<figure class=\"alignleft size-large is-resized\"><img loading=\"lazy\" decoding=\"async\" src=\"https:\/\/sztukaistyl.pl\/wp-content\/uploads\/2020\/11\/logo-1024x1024.png\" alt=\"\" class=\"wp-image-2172\" width=\"230\" height=\"230\" srcset=\"https:\/\/sztukaistyl.pl\/wp-content\/uploads\/2020\/11\/logo-1024x1024.png 1024w, https:\/\/sztukaistyl.pl\/wp-content\/uploads\/2020\/11\/logo-300x300.png 300w, https:\/\/sztukaistyl.pl\/wp-content\/uploads\/2020\/11\/logo-150x150.png 150w, https:\/\/sztukaistyl.pl\/wp-content\/uploads\/2020\/11\/logo-768x769.png 768w, https:\/\/sztukaistyl.pl\/wp-content\/uploads\/2020\/11\/logo-1534x1536.png 1534w, https:\/\/sztukaistyl.pl\/wp-content\/uploads\/2020\/11\/logo-2046x2048.png 2046w, https:\/\/sztukaistyl.pl\/wp-content\/uploads\/2020\/11\/logo-850x851.png 850w, https:\/\/sztukaistyl.pl\/wp-content\/uploads\/2020\/11\/logo-45x45.png 45w\" sizes=\"auto, (max-width: 230px) 100vw, 230px\" \/><\/figure><\/div>\n\n\n<p>SZTUKA &amp; STYL to jedyny w swoim rodzaju portal propaguj\u0105cy tw\u00f3rczy biznes. Pokazujemy projekty wyj\u0105tkowe i oryginalne, tworzone z pasj\u0105. Wszystkie powsta\u0142y z my\u015bl\u0105 o tych, kt\u00f3rzy chc\u0105 popatrze\u0107 lub mie\u0107 przy sobie (w domu, w biurze) co\u015b oryginalnego i niepowtarzalnego. Mo\u017ce to by\u0107 zar\u00f3wno cz\u0119\u015b\u0107 garderoby, bi\u017cuteria, jak i obraz, rze\u017aba czy przedmiot u\u017cytkowy. <\/p>\n\n\n\n<p>Prezentujemy tu nie tylko rzeczy ekskluzywne i drogie, lecz tak\u017ce takie na ka\u017cd\u0105 kiesze\u0144. \u0141\u0105czy je jedno. Zosta\u0142y stworzone z pasj\u0105 przez tych, kt\u00f3rzy kochaj\u0105 pi\u0119kno. <\/p>\n\n\n\n<h2 class=\"wp-block-heading\">Kim jeste\u015bmy? <\/h2>\n\n\n<div class=\"wp-block-image\">\n<figure class=\"alignleft size-large is-resized\"><img loading=\"lazy\" decoding=\"async\" src=\"http:\/\/sztukaistyl.pl\/wp-content\/uploads\/2020\/02\/mkp2-fot-jedrzej-chmielewski-1-1024x683.jpg\" alt=\"\" class=\"wp-image-43\" width=\"224\" height=\"148\" srcset=\"https:\/\/sztukaistyl.pl\/wp-content\/uploads\/2020\/02\/mkp2-fot-jedrzej-chmielewski-1-1024x683.jpg 1024w, https:\/\/sztukaistyl.pl\/wp-content\/uploads\/2020\/02\/mkp2-fot-jedrzej-chmielewski-1-300x200.jpg 300w, https:\/\/sztukaistyl.pl\/wp-content\/uploads\/2020\/02\/mkp2-fot-jedrzej-chmielewski-1-768x512.jpg 768w, https:\/\/sztukaistyl.pl\/wp-content\/uploads\/2020\/02\/mkp2-fot-jedrzej-chmielewski-1-1536x1024.jpg 1536w\" sizes=\"auto, (max-width: 224px) 100vw, 224px\" \/><figcaption class=\"wp-element-caption\">fot. J\u0119drzej Chmielewski<\/figcaption><\/figure><\/div>\n\n\n<div class=\"wp-block-group\"><div class=\"wp-block-group__inner-container is-layout-flow wp-block-group-is-layout-flow\">\n<p><strong>Ma\u0142gorzata Karolina Piekarska <\/strong><br>&#8211; z zawodu pisarka i dziennikarka, z wykszta\u0142cenia historyczka sztuki i bibliotekarka, z zami\u0142owania varsavianistka i genealo\u017cka.<\/p>\n\n\n\n<p><\/p>\n\n\n\n<p><\/p>\n\n\n<div class=\"wp-block-image\">\n<figure class=\"alignright size-large is-resized\"><img loading=\"lazy\" decoding=\"async\" src=\"https:\/\/sztukaistyl.pl\/wp-content\/uploads\/2021\/03\/20201214_075455-768x1024.jpg\" alt=\"\" class=\"wp-image-2556\" width=\"158\" height=\"211\" srcset=\"https:\/\/sztukaistyl.pl\/wp-content\/uploads\/2021\/03\/20201214_075455-768x1024.jpg 768w, https:\/\/sztukaistyl.pl\/wp-content\/uploads\/2021\/03\/20201214_075455-225x300.jpg 225w, https:\/\/sztukaistyl.pl\/wp-content\/uploads\/2021\/03\/20201214_075455-1152x1536.jpg 1152w, https:\/\/sztukaistyl.pl\/wp-content\/uploads\/2021\/03\/20201214_075455-1536x2048.jpg 1536w, https:\/\/sztukaistyl.pl\/wp-content\/uploads\/2021\/03\/20201214_075455-300x400.jpg 300w, https:\/\/sztukaistyl.pl\/wp-content\/uploads\/2021\/03\/20201214_075455-850x1133.jpg 850w, https:\/\/sztukaistyl.pl\/wp-content\/uploads\/2021\/03\/20201214_075455-scaled.jpg 1920w\" sizes=\"auto, (max-width: 158px) 100vw, 158px\" \/><figcaption class=\"wp-element-caption\">fot. zbiory w\u0142asne<\/figcaption><\/figure><\/div>\n\n\n<p><strong>Sylwia Strze\u017cek<\/strong> <br>&#8211; z zawodu handlowiec, z wykszta\u0142cenia ekonomista, z zami\u0142owania bibliofil. <\/p>\n<\/div><\/div>\n\n\n\n<p><\/p>\n\n\n\n<p><\/p>\n\n\n\n<p><\/p>\n\n\n\n<p>Po\u0142\u0105czy\u0142y nas ksi\u0105\u017cki, zami\u0142owanie do sztuki i&#8230; r\u0119cznych rob\u00f3tek. I to z tego co nas \u0142\u0105czy powsta\u0142 ten portal. <\/p>\n","protected":false},"excerpt":{"rendered":"<p>SZTUKA &amp; STYL to jedyny w swoim rodzaju portal propaguj\u0105cy tw\u00f3rczy biznes. Pokazujemy projekty wyj\u0105tkowe i oryginalne, tworzone z pasj\u0105. Wszystkie powsta\u0142y z my\u015bl\u0105 o tych, kt\u00f3rzy chc\u0105 popatrze\u0107 lub mie\u0107 przy sobie (w domu, w biurze) co\u015b oryginalnego i niepowtarzalnego. Mo\u017ce to by\u0107 zar\u00f3wno cz\u0119\u015b\u0107 garderoby, bi\u017cuteria, jak i obraz, rze\u017aba czy przedmiot u\u017cytkowy&#8230;.<\/p>\n","protected":false},"author":1,"featured_media":0,"parent":0,"menu_order":0,"comment_status":"closed","ping_status":"open","template":"","meta":{"_acf_changed":false,"footnotes":""},"class_list":["post-2","page","type-page","status-publish","hentry"],"acf":[],"aioseo_notices":[],"jetpack_sharing_enabled":true,"_links":{"self":[{"href":"https:\/\/sztukaistyl.pl\/index.php?rest_route=\/wp\/v2\/pages\/2","targetHints":{"allow":["GET"]}}],"collection":[{"href":"https:\/\/sztukaistyl.pl\/index.php?rest_route=\/wp\/v2\/pages"}],"about":[{"href":"https:\/\/sztukaistyl.pl\/index.php?rest_route=\/wp\/v2\/types\/page"}],"author":[{"embeddable":true,"href":"https:\/\/sztukaistyl.pl\/index.php?rest_route=\/wp\/v2\/users\/1"}],"replies":[{"embeddable":true,"href":"https:\/\/sztukaistyl.pl\/index.php?rest_route=%2Fwp%2Fv2%2Fcomments&post=2"}],"version-history":[{"count":16,"href":"https:\/\/sztukaistyl.pl\/index.php?rest_route=\/wp\/v2\/pages\/2\/revisions"}],"predecessor-version":[{"id":3711,"href":"https:\/\/sztukaistyl.pl\/index.php?rest_route=\/wp\/v2\/pages\/2\/revisions\/3711"}],"wp:attachment":[{"href":"https:\/\/sztukaistyl.pl\/index.php?rest_route=%2Fwp%2Fv2%2Fmedia&parent=2"}],"curies":[{"name":"wp","href":"https:\/\/api.w.org\/{rel}","templated":true}]}}